

{"id":9134,"date":"2025-02-19T11:52:16","date_gmt":"2025-02-19T11:52:16","guid":{"rendered":"https:\/\/montael.com\/new_site\/?post_type=product&#038;p=9134"},"modified":"2025-06-11T10:44:30","modified_gmt":"2025-06-11T09:44:30","slug":"weberfix-pro-8-kg-branco","status":"publish","type":"product","link":"https:\/\/montael.com\/?product=weberfix-pro-8-kg-branco","title":{"rendered":"Weberfix Pro 8 Kg | Branco"},"content":{"rendered":"<div id=\"descriptions\" class=\"block-field-marketing-description block block-layout-builder anchor section-on-focus\">\n<p class=\"table-default clearfix text-formatted field field--name-field-marketing-description field--type-text-long field--label-hidden field__item\"><strong>UTILIZA\u00c7\u00d5ES\u00a0<\/strong><\/p>\n<ul>\n<li>Colagem de cer\u00e2mica e pedra natural at\u00e9 1.800 cm\u00b2 em interiores, sobre rebocos de cimento e cal e sobre bet\u00e3o.<\/li>\n<li>Colagem de cer\u00e2mica e pedra natural (&lt; 2 cm espessura) at\u00e9 900 cm\u00b2 em paredes interiores, sobre cer\u00e2mica e gesso e gesso cartonado.<\/li>\n<li>Colagem de cer\u00e2mica e pedra natural (&lt; 2 cm espessura) em paredes interiores, sobre membranas de impermeabiliza\u00e7\u00e3o, placas comp\u00f3sitas de cimento e madeira e pintura despolida at\u00e9 900 cm\u00b2.<\/li>\n<li>Colagem de pastilha de vidro e de cer\u00e2mica em paredes interiores sobre todos os suportes referidos.<\/li>\n<\/ul>\n<p class=\"table-default clearfix text-formatted field field--name-field-marketing-description field--type-text-long field--label-hidden field__item\"><strong>\u00a0SUPORTES ADMISS\u00cdVEIS\u00a0<\/strong><\/p>\n<ul>\n<li>Rebocos de cimento e cal.<\/li>\n<li>Bet\u00e3o.<\/li>\n<li>Cer\u00e2mica ou pedra antiga.<\/li>\n<li>Gesso ou placas de gesso (sem necessidade de uso de prim\u00e1rio).<\/li>\n<li>Placas comp\u00f3sitas de cimento.<\/li>\n<li>Impermeabiliza\u00e7\u00f5es ciment\u00edcias e acr\u00edlicas do tipo weberdry 824, weberdry KF ou weberdry lastic.<\/li>\n<li>Membranas de impermeabiliza\u00e7\u00e3o pr\u00e9-fabricadas do tipo weberdry roll.<\/li>\n<\/ul>\n<\/div>\n<div class=\"taxonomy-term-icon__wrapper block-field-extra-taxonomy-5 block-layout-builder block block-mac3-common\">\n<p><strong>Informa\u00e7\u00e3o T\u00e9cnica:<\/strong><\/p>\n<div class=\"item-list\">\n<p><strong>Consumo | Caracter\u00edsticas: <\/strong><\/p>\n<p>Talocha denteada 5 mm, colagem simples: 3 kg\/m\u00b2<br \/>\nTalocha denteada 5 mm, colagem dupla: 4,5 kg\/m\u00b2<br \/>\nTalocha denteada 6 mm, colagem simples: 3,5 kg\/m\u00b2<br \/>\nTalocha denteada 6 mm, colagem dupla: 5,5 kg\/m\u00b2<\/p>\n<\/div>\n<\/div>\n","protected":false},"excerpt":{"rendered":"<div class=\"block-field-summary block-layout-builder block block-mac3-common block-extra-field-blocknodeproductfield-summary\">\n<div class=\"extra-field extra-field--field-summary extra-field--type-token\">\n<div class=\"extra-field--content\">\n<p>Adesivo pronto a aplicar para colagem de cer\u00e2mica e pedra de m\u00e9dio e pequeno formato em paredes interiores.<\/p>\n<ul>\n<li>Adaptado a v\u00e1rios suportes.<\/li>\n<li>Pasta pronta a usar.<\/li>\n<li>Depois de aberto conserva-se no balde.<\/li>\n<li>Cores: Branco<\/li>\n<li>Embalagem: 8Kg<\/li>\n<\/ul>\n<p>Marca: Weber<\/p>\n<\/div>\n<\/div>\n<\/div>\n","protected":false},"featured_media":9135,"template":"","meta":[],"product_cat":[224,154,146],"product_tag":[],"class_list":{"0":"post-9134","1":"product","2":"type-product","3":"status-publish","4":"has-post-thumbnail","6":"product_cat-colas","7":"product_cat-colas-e-betumes","8":"product_cat-construcao","9":"ts_product_brand-weber","11":"first","12":"instock","13":"taxable","14":"shipping-taxable","15":"product-type-simple"},"_links":{"self":[{"href":"https:\/\/montael.com\/index.php?rest_route=\/wp\/v2\/product\/9134","targetHints":{"allow":["GET"]}}],"collection":[{"href":"https:\/\/montael.com\/index.php?rest_route=\/wp\/v2\/product"}],"about":[{"href":"https:\/\/montael.com\/index.php?rest_route=\/wp\/v2\/types\/product"}],"wp:featuredmedia":[{"embeddable":true,"href":"https:\/\/montael.com\/index.php?rest_route=\/wp\/v2\/media\/9135"}],"wp:attachment":[{"href":"https:\/\/montael.com\/index.php?rest_route=%2Fwp%2Fv2%2Fmedia&parent=9134"}],"wp:term":[{"taxonomy":"product_cat","embeddable":true,"href":"https:\/\/montael.com\/index.php?rest_route=%2Fwp%2Fv2%2Fproduct_cat&post=9134"},{"taxonomy":"product_tag","embeddable":true,"href":"https:\/\/montael.com\/index.php?rest_route=%2Fwp%2Fv2%2Fproduct_tag&post=9134"}],"curies":[{"name":"wp","href":"https:\/\/api.w.org\/{rel}","templated":true}]}}