

{"id":9058,"date":"2025-02-18T17:22:12","date_gmt":"2025-02-18T17:22:12","guid":{"rendered":"https:\/\/montael.com\/new_site\/?post_type=product&#038;p=9058"},"modified":"2025-06-11T11:05:55","modified_gmt":"2025-06-11T10:05:55","slug":"webercol-flex-xl-20-kg-branco","status":"publish","type":"product","link":"https:\/\/montael.com\/?product=webercol-flex-xl-20-kg-branco","title":{"rendered":"Webercol Flex XL+ 20 Kg | Branco"},"content":{"rendered":"<div id=\"descriptions\" class=\"block-field-marketing-description block block-layout-builder anchor section-on-focus\">\n<p class=\"table-default clearfix text-formatted field field--name-field-marketing-description field--type-text-long field--label-hidden field__item\"><strong>UTILIZA\u00c7\u00d5ES<\/strong><br \/>\nColagem em interior de:<\/p>\n<ul>\n<li>Cer\u00e2mica e pedra natural de todas dimens\u00f5es sobre bet\u00e3o, reboco, betonilhas, placas de gesso cartonado hidrofugado e impermeabiliza\u00e7\u00f5es ciment\u00edcias ou acr\u00edlicas do tipo weberdry e membranas pr\u00e9-fabricadas tipo weberdry roll;<\/li>\n<li>Cer\u00e2mica e pedra natural at\u00e9 8.100 cm<sup>2<\/sup>\u00a0(90 cm x 90 cm) sobre cer\u00e2mica, placas comp\u00f3sitas de cimento, madeira, pavimentos aquecidos e sistemas ac\u00fasticos;<\/li>\n<li>L\u00e2mina cer\u00e2mica com ou sem redes de refor\u00e7o no tardoz sobre suportes de ciment\u00edcios, placas de gesso cartonado e impermeabiliza\u00e7\u00f5es.<\/li>\n<\/ul>\n<p class=\"table-default clearfix text-formatted field field--name-field-marketing-description field--type-text-long field--label-hidden field__item\">Colagem em exterior de:<\/p>\n<ul>\n<li>Cer\u00e2mica e pedra natural de todas as dimens\u00f5es em pavimentos de betonilha;<\/li>\n<li>Cer\u00e2mica e pedra natural at\u00e9 8.100 cm<sup>2<\/sup>\u00a0(90 cm x 90 cm) em pavimentos com cer\u00e2mica, membranas de impermeabiliza\u00e7\u00e3o ciment\u00edcias ou acr\u00edlicas do tipo weberdry e membranas pr\u00e9-fabricadas tipo weberdry roll;<\/li>\n<li>Cer\u00e2mica e pedra natural at\u00e9 3.600 m<sup>2<\/sup>\u00a0(60 cm x 60 cm) e 2 cm de espessura, sobre reboco em fachadas;<\/li>\n<li>Cer\u00e2mica no sistema de isolamento t\u00e9rmico webertherm keramic light at\u00e9 900 cm<sup>2<\/sup>\u00a0(30 cm x 30 cm) e webertherm keramic plus at\u00e9 3.600 cm<sup>2<\/sup>\u00a0(60 cm x 60 cm);<\/li>\n<li>L\u00e2mina cer\u00e2mica com e sem redes de refor\u00e7o no tardoz, sobre suportes ciment\u00edcios;<\/li>\n<li>Cer\u00e2mica at\u00e9 8.100 cm<sup>2\u00a0<\/sup>(90 cm x 90 cm) em piscinas;<\/li>\n<li>Pastilha cer\u00e2mica ou v\u00edtrea em piscinas (pastilhas sem redes ou refor\u00e7os no tardoz).<\/li>\n<\/ul>\n<p class=\"table-default clearfix text-formatted field field--name-field-marketing-description field--type-text-long field--label-hidden field__item\"><strong>SUPORTES ADMISS\u00cdVEIS<\/strong><\/p>\n<ul>\n<li>Rebocos de cimento e cal, bet\u00e3o e betonilhas;<\/li>\n<li>Cer\u00e2mica ou pedra;<\/li>\n<li>Gesso ou placas de gesso (com prim\u00e1rio weberprim universal caso n\u00e3o sejam hidrofugadas);<\/li>\n<li>Placas Glasroc\u00ae X (sem necessidade de prim\u00e1rio);<\/li>\n<li>Placas comp\u00f3sitas de cimento;<\/li>\n<li>Pavimentos aquecidos e sistemas ac\u00fasticos;<\/li>\n<li>Impermeabiliza\u00e7\u00f5es ciment\u00edcias e acr\u00edlicas do tipo: weberdry 824, weberdry KF, weberdry feel e weberdry fibrolastic;<\/li>\n<li>Membranas de impermeabiliza\u00e7\u00e3o pr\u00e9-fabricadas tipo: weberdry roll;<\/li>\n<li>Madeira (preparada e com weberprim universal);<\/li>\n<li>Sistemas webertherm keramic light e webertherm keramic plus.<\/li>\n<\/ul>\n<\/div>\n<div class=\"taxonomy-term-icon__wrapper block-field-extra-taxonomy-5 block-layout-builder block block-mac3-common\">\n<p><strong>Informa\u00e7\u00e3o T\u00e9cnica:<\/strong><\/p>\n<div class=\"item-list\">\n<p><strong>Consumo | Caracter\u00edsticas: <\/strong><\/p>\n<p>Talocha denteada 6 mm, colagem simples: 4 kg\/m\u00b2<br \/>\nTalocha denteada 6 mm, colagem dupla: 6 kg\/m\u00b2<br \/>\nTalocha denteada 9 mm, colagem simples: 5 kg\/m\u00b2<br \/>\nTalocha denteada 9 mm, colagem dupla: 7 kg\/m\u00b2<\/p>\n<\/div>\n<\/div>\n","protected":false},"excerpt":{"rendered":"<ul>\n<li>Cores: Branco<\/li>\n<li>Embalagem: 20Kg<\/li>\n<li>Utiliza\u00e7\u00e3o | Colagem : Interior e Exterior<\/li>\n<\/ul>\n<p>Marca: Weber<\/p>\n","protected":false},"featured_media":9060,"template":"","meta":[],"product_cat":[288,224,154,146],"product_tag":[],"class_list":{"0":"post-9058","1":"product","2":"type-product","3":"status-publish","4":"has-post-thumbnail","6":"product_cat-ceramica-colas","7":"product_cat-colas","8":"product_cat-colas-e-betumes","9":"product_cat-construcao","10":"ts_product_brand-weber","12":"first","13":"instock","14":"taxable","15":"shipping-taxable","16":"product-type-simple"},"_links":{"self":[{"href":"https:\/\/montael.com\/index.php?rest_route=\/wp\/v2\/product\/9058","targetHints":{"allow":["GET"]}}],"collection":[{"href":"https:\/\/montael.com\/index.php?rest_route=\/wp\/v2\/product"}],"about":[{"href":"https:\/\/montael.com\/index.php?rest_route=\/wp\/v2\/types\/product"}],"wp:featuredmedia":[{"embeddable":true,"href":"https:\/\/montael.com\/index.php?rest_route=\/wp\/v2\/media\/9060"}],"wp:attachment":[{"href":"https:\/\/montael.com\/index.php?rest_route=%2Fwp%2Fv2%2Fmedia&parent=9058"}],"wp:term":[{"taxonomy":"product_cat","embeddable":true,"href":"https:\/\/montael.com\/index.php?rest_route=%2Fwp%2Fv2%2Fproduct_cat&post=9058"},{"taxonomy":"product_tag","embeddable":true,"href":"https:\/\/montael.com\/index.php?rest_route=%2Fwp%2Fv2%2Fproduct_tag&post=9058"}],"curies":[{"name":"wp","href":"https:\/\/api.w.org\/{rel}","templated":true}]}}