

{"id":9015,"date":"2025-02-18T12:43:20","date_gmt":"2025-02-18T12:43:20","guid":{"rendered":"https:\/\/montael.com\/new_site\/?post_type=product&#038;p=9015"},"modified":"2025-06-09T10:19:35","modified_gmt":"2025-06-09T09:19:35","slug":"vima-600-movel-2-gavetas-branco-mate-tampo-carvalho-africa-111802","status":"publish","type":"product","link":"https:\/\/montael.com\/?product=vima-600-movel-2-gavetas-branco-mate-tampo-carvalho-africa-111802","title":{"rendered":"Vima 600 | M\u00f3vel 2 gavetas Branco Mate + Tampo Carvalho \u00c1frica 111802"},"content":{"rendered":"<p>Vima \u00e9 a solu\u00e7\u00e3o perfeita para quem procura m\u00f3veis de casa de banho modernos e funcionais com um toque \u00fanico.<\/p>\n<p>Gra\u00e7as \u00e0 tecnologia 3D, a al\u00e7a deste m\u00f3vel fica completamente i,ntegrada na frente, criando um estilo pr\u00e1tico e elegante.<\/p>\n<p><strong>Caracter\u00edsticas:<\/strong><\/p>\n<div class=\"product-technical-info-row\">\n<ul>\n<li class=\"name\">Material principal &#8211; Placas de part\u00edculas laminadas (classe E-1)<\/li>\n<li class=\"name\">S\u00e9rie &#8211; Vima<\/li>\n<li class=\"name\">Peso bruto Kg &#8211; 25.64<\/li>\n<li class=\"name\">Norma EN 717-1<\/li>\n<li class=\"name\">Carga m\u00e1xima 25kg<\/li>\n<li class=\"name\">Fecho com trav\u00e3o<\/li>\n<li class=\"name\">Guias Hettich<\/li>\n<li class=\"name\">Organizador da gaveta superior inclu\u00eddo.<\/li>\n<li class=\"name\">Puxadores unheiros<\/li>\n<li class=\"name\">Gaveta de madeira<\/li>\n<\/ul>\n<\/div>\n","protected":false},"excerpt":{"rendered":"<p>Cores: <img decoding=\"async\" class=\"alignnone wp-image-9020\" src=\"https:\/\/montael.com\/new_site\/wp-content\/uploads\/2025\/02\/white-satin-roble-africa.png\" alt=\"\" width=\"34\" height=\"34\" srcset=\"https:\/\/montael.com\/new_site\/wp-content\/uploads\/2025\/02\/white-satin-roble-africa.png 60w, https:\/\/montael.com\/new_site\/wp-content\/uploads\/2025\/02\/white-satin-roble-africa-46x46.png 46w, https:\/\/montael.com\/new_site\/wp-content\/uploads\/2025\/02\/white-satin-roble-africa-54x54.png 54w\" sizes=\"(max-width: 34px) 100vw, 34px\" \/><\/p>\n<p>Composto por :<\/p>\n<ul>\n<li>M\u00f3vel<\/li>\n<li>Tampo<\/li>\n<\/ul>\n<p>Marca: Salgar<\/p>\n","protected":false},"featured_media":9018,"template":"","meta":[],"product_cat":[217,218],"product_tag":[],"class_list":{"0":"post-9015","1":"product","2":"type-product","3":"status-publish","4":"has-post-thumbnail","6":"product_cat-moveis-casa-banho","7":"product_cat-moveis-suspensos","8":"ts_product_brand-salgar","10":"first","11":"instock","12":"taxable","13":"shipping-taxable","14":"product-type-simple"},"_links":{"self":[{"href":"https:\/\/montael.com\/index.php?rest_route=\/wp\/v2\/product\/9015","targetHints":{"allow":["GET"]}}],"collection":[{"href":"https:\/\/montael.com\/index.php?rest_route=\/wp\/v2\/product"}],"about":[{"href":"https:\/\/montael.com\/index.php?rest_route=\/wp\/v2\/types\/product"}],"wp:featuredmedia":[{"embeddable":true,"href":"https:\/\/montael.com\/index.php?rest_route=\/wp\/v2\/media\/9018"}],"wp:attachment":[{"href":"https:\/\/montael.com\/index.php?rest_route=%2Fwp%2Fv2%2Fmedia&parent=9015"}],"wp:term":[{"taxonomy":"product_cat","embeddable":true,"href":"https:\/\/montael.com\/index.php?rest_route=%2Fwp%2Fv2%2Fproduct_cat&post=9015"},{"taxonomy":"product_tag","embeddable":true,"href":"https:\/\/montael.com\/index.php?rest_route=%2Fwp%2Fv2%2Fproduct_tag&post=9015"}],"curies":[{"name":"wp","href":"https:\/\/api.w.org\/{rel}","templated":true}]}}