

{"id":7514,"date":"2024-05-28T15:29:47","date_gmt":"2024-05-28T15:29:47","guid":{"rendered":"https:\/\/montael.com\/new_site\/?post_type=product&#038;p=7514"},"modified":"2025-06-05T17:35:59","modified_gmt":"2025-06-05T16:35:59","slug":"planstone-plus-pedra-base-duche-1400x800","status":"publish","type":"product","link":"https:\/\/montael.com\/?product=planstone-plus-pedra-base-duche-1400x800","title":{"rendered":"Planstone Plus Pedra base duche 1400&#215;800"},"content":{"rendered":"<p>Planstone Plus traz uma est\u00e9tica sensorial adicional \u00e0 sua casa de banho, dispon\u00edvel numa grande variadade de tamanhos, impressiona com sua grelha de grande dimens\u00e3o no topo, exala uma leveza que lhe d\u00e1 a apar\u00eancia de flutuar.<\/p>\n<div class=\"w-dyn-item\" role=\"listitem\">\n<div class=\"w-layout-grid grid-properties-collumns\"><strong>\u00a0Caracter\u00edsticas:<\/strong><\/div>\n<ul>\n<li>Altura 28 a 35 mm<\/li>\n<li>Textura pedra<\/li>\n<li>Gel coat sanit\u00e1rio antibacteriano ISO NPG<\/li>\n<li>Materiais naturais<\/li>\n<li>Antideslizante<\/li>\n<li>Sem poros e homog\u00e9neo<\/li>\n<li>Adapt\u00e1vel ao espa\u00e7o<\/li>\n<\/ul>\n<div><\/div>\n<\/div>\n","protected":false},"excerpt":{"rendered":"<p><img decoding=\"async\" class=\"alignnone wp-image-7476\" src=\"https:\/\/montael.com\/new_site\/wp-content\/uploads\/2024\/05\/Stone-branco-300x207.jpg\" alt=\"\" width=\"49\" height=\"34\" srcset=\"https:\/\/montael.com\/new_site\/wp-content\/uploads\/2024\/05\/Stone-branco-300x207.jpg 300w, https:\/\/montael.com\/new_site\/wp-content\/uploads\/2024\/05\/Stone-branco-1024x708.jpg 1024w, https:\/\/montael.com\/new_site\/wp-content\/uploads\/2024\/05\/Stone-branco-768x531.jpg 768w, https:\/\/montael.com\/new_site\/wp-content\/uploads\/2024\/05\/Stone-branco-1536x1062.jpg 1536w, https:\/\/montael.com\/new_site\/wp-content\/uploads\/2024\/05\/Stone-branco-1000x691.jpg 1000w, https:\/\/montael.com\/new_site\/wp-content\/uploads\/2024\/05\/Stone-branco.jpg 1772w\" sizes=\"(max-width: 49px) 100vw, 49px\" \/><\/p>\n<ul>\n<li>Cor: Branca<\/li>\n<li>Grelha inox e v\u00e1lvula inclu\u00edda<\/li>\n<li>Embalagem: Caixa Cart\u00e3o<\/li>\n<\/ul>\n<p>Marca: ASD<\/p>\n","protected":false},"featured_media":7518,"template":"","meta":[],"product_cat":[304,210,149],"product_tag":[],"class_list":{"0":"post-7514","1":"product","2":"type-product","3":"status-publish","4":"has-post-thumbnail","6":"product_cat-bases-de-chuveiro","7":"product_cat-resina","8":"product_cat-casa-de-banho","9":"ts_product_brand-asd","11":"first","12":"instock","13":"taxable","14":"shipping-taxable","15":"product-type-simple"},"_links":{"self":[{"href":"https:\/\/montael.com\/index.php?rest_route=\/wp\/v2\/product\/7514","targetHints":{"allow":["GET"]}}],"collection":[{"href":"https:\/\/montael.com\/index.php?rest_route=\/wp\/v2\/product"}],"about":[{"href":"https:\/\/montael.com\/index.php?rest_route=\/wp\/v2\/types\/product"}],"wp:featuredmedia":[{"embeddable":true,"href":"https:\/\/montael.com\/index.php?rest_route=\/wp\/v2\/media\/7518"}],"wp:attachment":[{"href":"https:\/\/montael.com\/index.php?rest_route=%2Fwp%2Fv2%2Fmedia&parent=7514"}],"wp:term":[{"taxonomy":"product_cat","embeddable":true,"href":"https:\/\/montael.com\/index.php?rest_route=%2Fwp%2Fv2%2Fproduct_cat&post=7514"},{"taxonomy":"product_tag","embeddable":true,"href":"https:\/\/montael.com\/index.php?rest_route=%2Fwp%2Fv2%2Fproduct_tag&post=7514"}],"curies":[{"name":"wp","href":"https:\/\/api.w.org\/{rel}","templated":true}]}}